{"id":801,"date":"2017-11-21T08:51:54","date_gmt":"2017-11-21T08:51:54","guid":{"rendered":"http:\/\/atelier-mpg.fr\/paysage\/?page_id=801"},"modified":"2019-03-14T16:13:32","modified_gmt":"2019-03-14T16:13:32","slug":"pierre-vardon","status":"publish","type":"page","link":"http:\/\/atelier-mpg.fr\/paysage\/pierre-vardon\/","title":{"rendered":"Pierre Vardon"},"content":{"rendered":"<p>&nbsp;<\/p>\n<p>&nbsp;<\/p>\n<p><b>FORMATIONS &amp; PARCOURS\u00a0<\/b><\/p>\n<p><b>2019 &#8211; Cr\u00e9ation de l\u2019Atelier Mpaysage avec Marie-Pierre Gregoire\u00a0<\/b><\/p>\n<p>Depuis 2013 &#8211; Prestation pour le Parc Naturel R\u00e9gional du Luberon<\/p>\n<p>F\u00e9vrier \/ Septembre 2012 &#8211; Paysagiste Conseil pour le CAUE 21<\/p>\n<p>Depuis 2011 &#8211; Collaboration avec l&rsquo;Atelier MPG, Marie-Pierre Gregoire<\/p>\n<p>Depuis 2011 &#8211; Collaboration avec Horizons Paysages, J\u00e9r\u00f4me Mazas<\/p>\n<p>Depuis 2011 &#8211; Collaboration avec Durance Granulats<\/p>\n<p>Depuis 2011 &#8211; Collaboration avec Solairedirect<\/p>\n<p>Depuis 2011 &#8211; Collaboration avec Voltalia<\/p>\n<p>Mars 2011 \/ Janvier 2012 &#8211; Collaboration avec G2C Environnement<\/p>\n<p><strong>Depuis Mars 2011 &#8211; Ind\u00e9pendant \/ Freelance<\/strong><\/p>\n<p>Septembre 2009 \/ Mars 2011 &#8211; G2C Environnement, Venelles<\/p>\n<p>Mai \/ Ao\u00fbt 2009 &#8211; PMC Cr\u00e9ation Pierre Mourey, Agde<\/p>\n<p>2008 &#8211; Voyage de fin d\u2019\u00e9tude orient\u00e9 sur les grands paysages et l\u2019espace public<\/p>\n<p><b>2004 \/ 2007 Ecole d\u2019Ing\u00e9nieurs en Architecture du paysage de LULLIER, Gen\u00e8ve\u00a0<\/b><\/p>\n<p><b>Dipl\u00f4me d\u2019Architecte &#8211; Paysagiste HES-SO\u00a0<\/b><\/p>\n<p>2002 \/ 2004 BTS Horticole option Floriculture, Lyc\u00e9e agricole de Saint-Germain en Laye<\/p>\n<p>1999 \/ 2002 Baccalaur\u00e9at scientifique option SVT, Lyc\u00e9e Georges Dum\u00e9zil, Vernon<\/p>\n<p>&nbsp;<\/p>\n","protected":false},"excerpt":{"rendered":"<p>&nbsp; &nbsp; FORMATIONS &amp; PARCOURS\u00a0 2019 &#8211; Cr\u00e9ation de l\u2019Atelier Mpaysage avec Marie-Pierre Gregoire\u00a0 Depuis 2013 &#8211; Prestation pour le Parc Naturel R\u00e9gional du Luberon F\u00e9vrier \/ Septembre 2012 &#8211; Paysagiste Conseil pour le CAUE 21 Depuis 2011 &#8211; Collaboration avec l&rsquo;Atelier MPG, Marie-Pierre Gregoire Depuis 2011 &#8211; Collaboration avec Horizons Paysages, J\u00e9r\u00f4me Mazas Depuis [&hellip;]<\/p>\n","protected":false},"author":1,"featured_media":0,"parent":0,"menu_order":0,"comment_status":"closed","ping_status":"closed","template":"","meta":{"footnotes":""},"_links":{"self":[{"href":"http:\/\/atelier-mpg.fr\/paysage\/wp-json\/wp\/v2\/pages\/801"}],"collection":[{"href":"http:\/\/atelier-mpg.fr\/paysage\/wp-json\/wp\/v2\/pages"}],"about":[{"href":"http:\/\/atelier-mpg.fr\/paysage\/wp-json\/wp\/v2\/types\/page"}],"author":[{"embeddable":true,"href":"http:\/\/atelier-mpg.fr\/paysage\/wp-json\/wp\/v2\/users\/1"}],"replies":[{"embeddable":true,"href":"http:\/\/atelier-mpg.fr\/paysage\/wp-json\/wp\/v2\/comments?post=801"}],"version-history":[{"count":6,"href":"http:\/\/atelier-mpg.fr\/paysage\/wp-json\/wp\/v2\/pages\/801\/revisions"}],"predecessor-version":[{"id":1238,"href":"http:\/\/atelier-mpg.fr\/paysage\/wp-json\/wp\/v2\/pages\/801\/revisions\/1238"}],"wp:attachment":[{"href":"http:\/\/atelier-mpg.fr\/paysage\/wp-json\/wp\/v2\/media?parent=801"}],"curies":[{"name":"wp","href":"https:\/\/api.w.org\/{rel}","templated":true}]}}